{"id":7905,"date":"2020-04-16T11:18:45","date_gmt":"2020-04-16T08:18:45","guid":{"rendered":"http:\/\/www.someronkivimeijeri.fi\/?page_id=7905"},"modified":"2022-06-12T19:15:45","modified_gmt":"2022-06-12T16:15:45","slug":"antero-kare","status":"publish","type":"page","link":"https:\/\/www.someronkivimeijeri.fi\/?page_id=7905","title":{"rendered":"Antero Kare 2022"},"content":{"rendered":"<div class=\"wpb-content-wrapper\"><p>[vc_row bg_type=&#8221;image&#8221; css=&#8221;.vc_custom_1655050501308{margin-top: 75px !important;margin-bottom: 50px !important;}&#8221;][vc_column][vc_custom_heading text=&#8221;Antero Kare&#8221; font_container=&#8221;tag:h2|text_align:center&#8221; google_fonts=&#8221;font_family:Montserrat%3Aregular%2C700|font_style:400%20regular%3A400%3Anormal&#8221;][\/vc_column][\/vc_row][vc_row bg_type=&#8221;bg_color&#8221; css=&#8221;.vc_custom_1655050548499{margin-top: 25px !important;margin-right: 15px !important;}&#8221;][vc_column width=&#8221;1\/3&#8243;][vc_single_image image=&#8221;8328&#8243; img_size=&#8221;350&#215;600&#8243;][vc_single_image image=&#8221;8180&#8243; img_size=&#8221;full&#8221;][vc_column_text]Tintype kuva: Annabelle Antas[\/vc_column_text][\/vc_column][vc_column width=&#8221;2\/3&#8243; css=&#8221;.vc_custom_1524752235950{margin-right: 5px !important;margin-left: 5px !important;}&#8221;][vc_column_text css_animation=&#8221;fadeIn&#8221;]<strong>KULTIMA<br \/>\n<\/strong><span style=\"font-size: 1rem;\">Antero Kareen viimeaikaisissa aiheissa on n\u00e4hty koralliriutta ja vaikkapa vanheneva tammen kelokanto. Miten kovana pidetty\u00e4 keramiikkaa voidaan katsella n\u00e4in pehme\u00e4sti?<\/span><\/p>\n<p>Tammi kyll\u00e4 pit\u00e4\u00e4 paikkansa, se oli yksi h\u00e4nen kiinnostuksen kohteensa Lontoon vuotena, ja nyt matkat ovat kohdistuneet etel\u00e4-Ruotsin vanhoihin lehtimetsiin. Viimeisin veistossarja on saanut kuitenkin nimens\u00e4 Keski-Lapin j\u00e4\u00e4kauden j\u00e4lkeisist\u00e4 kallioper\u00e4n siirroksista: Kultima, Sevetti, Suasselk\u00e4, Riikonkumpu&#8230;<\/p>\n<p>El\u00e4m\u00e4n historia vei aiheet evoluutioon ja sen todistajaan geologiaan jopa niin pitk\u00e4lle, ett\u00e4 h\u00e4nen kehitt\u00e4m\u00e4ns\u00e4 k\u00e4sitetaiteellinen projekti l\u00f6ysi j\u00e4lkifossiileita Saana -tunturilta, ensimm\u00e4isen\u00e4 Suomessa.<\/p>\n<p>Kilpisj\u00e4rven ja Haltin alueilla vanhan peruskallion, i\u00e4lt\u00e4\u00e4n 2,8 miljardia vuotta, p\u00e4\u00e4lle oli ty\u00f6ntynyt kambrikauden vaihteessa Kaledonidinen laatta. Koko Saanan maan p\u00e4\u00e4ll\u00e4 n\u00e4kyv\u00e4 osa kuuluu t\u00e4h\u00e4n nuoreen, vain noin 500-400 miljoonaa vuotta vanhaan kerrostumaan. Sen alin osa Dividal -ryhm\u00e4 paljasti nyt tuon muinaismeren j\u00e4lkifossiileja, Treptichnus yhten\u00e4 esimerkkin\u00e4 kambrikauden\u00a0 r\u00e4j\u00e4hdysm\u00e4isen nopeasta lajien synnyst\u00e4. Matomaisten eli\u00f6iden ry\u00f6mimisj\u00e4ljet savessa ovat nyt kivisi\u00e4 dokumentteja yhdest\u00e4 maapallon el\u00e4m\u00e4n synnyn perustapahtumasta.<\/p>\n<p>Kuumuus, energia, paine, aineen olomuodon muuttuminen ovat keramiikan oleellisia tekij\u00f6it\u00e4, ik\u00e4\u00e4nkuin j\u00e4ljitelmi\u00e4 laavan purkautumisesta tulivuoresta, sen l\u00f6yt\u00e4ess\u00e4 oman kiinte\u00e4n muodon jota ei aikaisemmiin ollut olemassa.<\/p>\n<p>Draamaa Kareen uusi tuotantokin sis\u00e4lt\u00e4\u00e4. Muinaistaiteen teemasto on l\u00e4sn\u00e4, nyt kuitenkin yhdistettyn\u00e4 geologiaan, maankuoren muuttumiseen ja orgaanisten luonnontapahtumien v\u00e4rikkyyteen. Kun veistoksen kiert\u00e4\u00e4, kaikista n\u00e4k\u00f6kulmista n\u00e4kyy erilainen kertomus.<\/p>\n<p>Kuvatarinoiden yksityiskohdat alleviivaavat sit\u00e4 miten aine muuttuu ja lis\u00e4\u00e4ntyy. Bioaine, geomateriaali ja mielikuvien yhdistelm\u00e4kyky aikaansaavat uustodellisuuden, mahdollisten maailmojen semantiikan: virta, vuoristo, maanliukuma, pallo, kieleke, muurahaisten rei\u00e4t maassa, talvij\u00e4\u00e4, rotko, painovoima, siipi, sis\u00e4tila, aikatasot ja ilmi\u00f6t hakevat muotoaan magman tavoin.<\/p>\n<p>Saanan alaosissa aikataso on 500 miljoonaa vuotta. L\u00e4nsi-Lapissa aikataso on noin sadoissatuhansissa-kymmeniss\u00e4tuhansissa vuosissa. Maansiirtym\u00e4t ja maanj\u00e4ristykset ovat siell\u00e4 mannerlaattojen liikkeiden seurauksia ja kovin nuoria, j\u00e4\u00e4kauden j\u00e4lkeisi\u00e4, postglasiaalisia.<\/p>\n<p>Vy\u00f6hykkeet liikkuvat ja aiheuttavat edelleen maanj\u00e4ristyksi\u00e4, j\u00e4tt\u00e4en maisemaan useiden metrien korkuisia ja kymmenien kilometrien pituisia siirrosramppeja. T\u00e4\u00e4lt\u00e4 Kare k\u00e4ytt\u00e4\u00e4 lis\u00e4\u00e4 nimi\u00e4: Pasmaj\u00e4rvi, Korteaavankummut&#8230;<\/p>\n<p>Someron pellot ovat j\u00e4\u00e4kauden kehitt\u00e4mi\u00e4 muinaisia merenpohjia. Someron Kivimeijerin alla on savea 40 metrin syvyydelt\u00e4. T\u00e4st\u00e4 punasavesta, sis\u00e4lt\u00e4en paljon rautaa, Kare muokkaa veistoksensa. 1040 astetta l\u00e4mp\u00f6\u00e4 kovettaa sen kiveksi ja sulattaa sen p\u00e4\u00e4lle lasitteiden mineraalit. Kaikki aineet ovat muuttaneet olomuotonsa ja ryhtyneet tarinan kertojiksi.<\/p>\n<p><a href=\"https:\/\/www.someronkivimeijeri.fi\/wp-content\/uploads\/2021\/05\/ANTERO-KARE-CV-English.pdf\" target=\"_blank\" rel=\"noopener\">Lataa CV<\/a><br \/>\n<a href=\"https:\/\/www.someronkivimeijeri.fi\/wp-content\/uploads\/2021\/05\/Antero-Kare-tintype-photo-Annabelle-Antas-2015-scaled.jpg\" target=\"_blank\" rel=\"noopener\">Lataa kuva<\/a> (Tintype kuvaaja: Annabelle Antas)[\/vc_column_text][vc_column_text]<strong>Lehdist\u00f6kuvat<\/strong><\/p>\n<p><a href=\"https:\/\/www.someronkivimeijeri.fi\/wp-content\/uploads\/2022\/05\/Antero-Kare-Kalaparvi-2.jpg\" target=\"_blank\" rel=\"noopener\">Kalaparvi 2<\/a><\/p>\n<p><a href=\"https:\/\/www.someronkivimeijeri.fi\/wp-content\/uploads\/2022\/05\/Antero-Kare-Kalaparvi-3.jpg\" target=\"_blank\" rel=\"noopener\">Kalaparvi 3<\/a><\/p>\n<p><a href=\"https:\/\/www.someronkivimeijeri.fi\/wp-content\/uploads\/2020\/04\/Kare-Kultima-veistos-2018.jpg\" target=\"_blank\" rel=\"noopener noreferrer\">Kultima, veistos, 2018<\/a><\/p>\n<p><a href=\"https:\/\/www.someronkivimeijeri.fi\/wp-content\/uploads\/2020\/03\/Kare-Riikonkumpu-veistos-2018-scaled.jpg\" target=\"_blank\" rel=\"noopener noreferrer\">Riikonkumpu, veistos, 2019<\/a>[\/vc_column_text][\/vc_column][\/vc_row][vc_row][vc_column][vc_empty_space height=&#8221;72px&#8221;][\/vc_column][\/vc_row]<\/p>\n<\/div>","protected":false},"excerpt":{"rendered":"<p class=\"card-text\">[vc_row bg_type=&#8221;image&#8221; css=&#8221;.vc_custom_1655050501308{margin-top: 75px !important;margin-bottom: 50px !important;}&#8221;][vc_column][vc_custom_heading text=&#8221;Antero Kare&#8221; font_container=&#8221;tag:h2|text_align:center&#8221; google_fonts=&#8221;font_family:Montserrat%3Aregular%2C700|font_style:400%20regular%3A400%3Anormal&#8221;][\/vc_column][\/vc_row][vc_row bg_type=&#8221;bg_color&#8221; css=&#8221;.vc_custom_1655050548499{margin-top: 25px !important;margin-right: 15px !important;}&#8221;][vc_column width=&#8221;1\/3&#8243;][vc_single_image image=&#8221;8328&#8243; img_size=&#8221;350&#215;600&#8243;][vc_single_image image=&#8221;8180&#8243; img_size=&#8221;full&#8221;][vc_column_text]Tintype kuva: Annabelle Antas[\/vc_column_text][\/vc_column][vc_column width=&#8221;2\/3&#8243; css=&#8221;.vc_custom_1524752235950{margin-right: 5px !important;margin-left: 5px !important;}&#8221;][vc_column_text css_animation=&#8221;fadeIn&#8221;]KULTIMA Antero Kareen viimeaikaisissa aiheissa on n\u00e4hty koralliriutta ja vaikkapa vanheneva tammen kelokanto. Miten kovana pidetty\u00e4 keramiikkaa voidaan katsella n\u00e4in pehme\u00e4sti? Tammi kyll\u00e4 pit\u00e4\u00e4 [&#8230;]<\/p>\n<p class=\"m-0\"><a class=\"btn btn-outline-secondary btn-read-more\" href=\"https:\/\/www.someronkivimeijeri.fi\/?page_id=7905\">Read More<\/a><\/p>\n","protected":false},"author":1,"featured_media":0,"parent":0,"menu_order":0,"comment_status":"closed","ping_status":"closed","template":"","meta":{"footnotes":""},"class_list":["post-7905","page","type-page","status-publish","hentry"],"_links":{"self":[{"href":"https:\/\/www.someronkivimeijeri.fi\/index.php?rest_route=\/wp\/v2\/pages\/7905","targetHints":{"allow":["GET"]}}],"collection":[{"href":"https:\/\/www.someronkivimeijeri.fi\/index.php?rest_route=\/wp\/v2\/pages"}],"about":[{"href":"https:\/\/www.someronkivimeijeri.fi\/index.php?rest_route=\/wp\/v2\/types\/page"}],"author":[{"embeddable":true,"href":"https:\/\/www.someronkivimeijeri.fi\/index.php?rest_route=\/wp\/v2\/users\/1"}],"replies":[{"embeddable":true,"href":"https:\/\/www.someronkivimeijeri.fi\/index.php?rest_route=%2Fwp%2Fv2%2Fcomments&post=7905"}],"version-history":[{"count":16,"href":"https:\/\/www.someronkivimeijeri.fi\/index.php?rest_route=\/wp\/v2\/pages\/7905\/revisions"}],"predecessor-version":[{"id":8554,"href":"https:\/\/www.someronkivimeijeri.fi\/index.php?rest_route=\/wp\/v2\/pages\/7905\/revisions\/8554"}],"wp:attachment":[{"href":"https:\/\/www.someronkivimeijeri.fi\/index.php?rest_route=%2Fwp%2Fv2%2Fmedia&parent=7905"}],"curies":[{"name":"wp","href":"https:\/\/api.w.org\/{rel}","templated":true}]}}